{"id":1677,"date":"2020-03-16T11:35:04","date_gmt":"2020-03-16T14:35:04","guid":{"rendered":"https:\/\/isfdyt48-bue.infd.edu.ar\/sitio\/?page_id=1677"},"modified":"2022-03-02T09:36:47","modified_gmt":"2022-03-02T12:36:47","slug":"tecnicatura-en-administracion-contable","status":"publish","type":"page","link":"https:\/\/isfdyt48-bue.infd.edu.ar\/sitio\/tecnicatura-en-administracion-contable\/","title":{"rendered":"Tecnicatura Superior en Administraci\u00f3n Contable"},"content":{"rendered":"\n<p class=\"has-normal-font-size\"><strong>Tecnicatura Superior en<\/strong> <strong>Administraci\u00f3n Contable<\/strong><\/p>\n\n\n\n<p class=\"has-normal-font-size\"><strong>RM 273\/03<\/strong><\/p>\n\n\n\n<p class=\"has-normal-font-size\"><strong>Carga Horaria Total 1824 Hs<\/strong><\/p>\n\n\n\n<figure class=\"wp-block-image size-large\"><img decoding=\"async\" src=\"https:\/\/isfdyt48-bue.infd.edu.ar\/sitio\/wp-content\/uploads\/2021\/09\/Plan-de-Estudios_TECAC.jpg\" alt=\"\"\/><\/figure>\n\n\n\n<p>Podes Descargarlo <a href=\"https:\/\/isfdyt48-bue.infd.edu.ar\/sitio\/wp-content\/uploads\/2021\/09\/Plan-de-Estudios_TECAC.jpg\" target=\"_blank\" rel=\"noreferrer noopener\">aqu\u00ed<\/a><\/p>\n\n\n\n<figure class=\"wp-block-image size-large\"><img decoding=\"async\" src=\"https:\/\/isfdyt48-bue.infd.edu.ar\/sitio\/wp-content\/uploads\/2021\/09\/Correlatividades_TECAC.jpg\" alt=\"\"\/><\/figure>\n\n\n\n<p>Podes Descargarlo <a href=\"https:\/\/isfdyt48-bue.infd.edu.ar\/sitio\/wp-content\/uploads\/2021\/09\/Correlatividades_TECAC.jpg\" target=\"_blank\" rel=\"noreferrer noopener\">aqu\u00ed<\/a><\/p>\n\n\n\n<p><a href=\"https:\/\/isfdyt48-bue.infd.edu.ar\/sitio\/disenos-curriculares\/upload\/2016-disen_o_curric-tecsupenadmincontabler273-03.pdf\" target=\"_blank\" rel=\"noreferrer noopener\">Descargar Dise\u00f1o Curricular<\/a><\/p>\n\n\n\n<p><a href=\"https:\/\/isfdyt48-bue.infd.edu.ar\/sitio\/wp-content\/uploads\/sitio\/FUNDAMENTOS_Y_PERFIL_TEC_SUP_ADMINST_CONTABLE.doc\" target=\"_blank\" rel=\"noreferrer noopener\">Rol Profesional &#8211; Campo Laboral<\/a><\/p>\n\n\n\n<p style=\"font-size:50px\"><\/p>\n\n\n\n<div class=\"wp-block-image\"><figure class=\"aligncenter size-large is-resized\"><img decoding=\"async\" loading=\"lazy\" src=\"https:\/\/isfdyt48-bue.infd.edu.ar\/sitio\/wp-content\/uploads\/2021\/10\/Cursada_Contable.jpg\" alt=\"\" class=\"wp-image-4622\" width=\"536\" height=\"540\" srcset=\"https:\/\/isfdyt48-bue.infd.edu.ar\/sitio\/wp-content\/uploads\/2021\/10\/Cursada_Contable.jpg 1072w, https:\/\/isfdyt48-bue.infd.edu.ar\/sitio\/wp-content\/uploads\/2021\/10\/Cursada_Contable-994x1000.jpg 994w, https:\/\/isfdyt48-bue.infd.edu.ar\/sitio\/wp-content\/uploads\/2021\/10\/Cursada_Contable-768x773.jpg 768w\" sizes=\"(max-width: 536px) 100vw, 536px\" \/><\/figure><\/div>\n","protected":false},"excerpt":{"rendered":"<p>Tecnicatura Superior en Administraci\u00f3n Contable RM 273\/03 Carga Horaria Total 1824 Hs Podes Descargarlo aqu\u00ed Podes Descargarlo aqu\u00ed Descargar Dise\u00f1o Curricular Rol Profesional &#8211; Campo Laboral<\/p>\n","protected":false},"author":135,"featured_media":0,"parent":0,"menu_order":0,"comment_status":"closed","ping_status":"closed","template":"","meta":[],"acf":[],"_links":{"self":[{"href":"https:\/\/isfdyt48-bue.infd.edu.ar\/sitio\/wp-json\/wp\/v2\/pages\/1677"}],"collection":[{"href":"https:\/\/isfdyt48-bue.infd.edu.ar\/sitio\/wp-json\/wp\/v2\/pages"}],"about":[{"href":"https:\/\/isfdyt48-bue.infd.edu.ar\/sitio\/wp-json\/wp\/v2\/types\/page"}],"author":[{"embeddable":true,"href":"https:\/\/isfdyt48-bue.infd.edu.ar\/sitio\/wp-json\/wp\/v2\/users\/135"}],"replies":[{"embeddable":true,"href":"https:\/\/isfdyt48-bue.infd.edu.ar\/sitio\/wp-json\/wp\/v2\/comments?post=1677"}],"version-history":[{"count":105,"href":"https:\/\/isfdyt48-bue.infd.edu.ar\/sitio\/wp-json\/wp\/v2\/pages\/1677\/revisions"}],"predecessor-version":[{"id":4869,"href":"https:\/\/isfdyt48-bue.infd.edu.ar\/sitio\/wp-json\/wp\/v2\/pages\/1677\/revisions\/4869"}],"wp:attachment":[{"href":"https:\/\/isfdyt48-bue.infd.edu.ar\/sitio\/wp-json\/wp\/v2\/media?parent=1677"}],"curies":[{"name":"wp","href":"https:\/\/api.w.org\/{rel}","templated":true}]}}