{"id":4238,"date":"2021-09-01T09:27:33","date_gmt":"2021-09-01T12:27:33","guid":{"rendered":"https:\/\/isfdyt48-bue.infd.edu.ar\/sitio\/?page_id=4238"},"modified":"2026-04-08T09:48:27","modified_gmt":"2026-04-08T12:48:27","slug":"carreras_1","status":"publish","type":"page","link":"https:\/\/isfdyt48-bue.infd.edu.ar\/sitio\/carreras_1\/","title":{"rendered":"CARRERAS_1"},"content":{"rendered":"\n<figure class=\"wp-block-table alignfull is-style-stripes\"><table><thead><tr><th class=\"has-text-align-center\" data-align=\"center\">Carrera<\/th><th class=\"has-text-align-center\" data-align=\"center\">Jefe de \u00c1rea<\/th><th class=\"has-text-align-center\" data-align=\"center\">Preceptor\/a<\/th><th class=\"has-text-align-center\" data-align=\"center\">Contacto<\/th><\/tr><\/thead><tbody><tr><td class=\"has-text-align-center\" data-align=\"center\"><a href=\"https:\/\/isfdyt48-bue.infd.edu.ar\/sitio\/educacion-fisica\/\" target=\"_blank\" rel=\"noreferrer noopener\">Profesorado de Educaci\u00f3n F\u00edsica<\/a><\/td><td class=\"has-text-align-center\" data-align=\"center\">Diego ENECOIZ<\/td><td class=\"has-text-align-center\" data-align=\"center\">Silvia BELLISOMI<\/td><td class=\"has-text-align-center\" data-align=\"center\"><a href=\"mailto:educacionfisicaisfdyt48@gmail.com\">educacionfisicaisfdyt48@gmail.com<\/a><\/td><\/tr><tr><td class=\"has-text-align-center\" data-align=\"center\"><a href=\"https:\/\/isfdyt48-bue.infd.edu.ar\/sitio\/profesorado-en-ingles\/\" target=\"_blank\" rel=\"noreferrer noopener\">Profesorado de Ingles<\/a><\/td><td class=\"has-text-align-center\" data-align=\"center\">Sofia TROBBIANI<\/td><td class=\"has-text-align-center\" data-align=\"center\">Africa ULLMANN<\/td><td class=\"has-text-align-center\" data-align=\"center\"><a href=\"mailto:inglesisfdyt48@gmail.com\">inglesisfdyt48@gmail.com<\/a><\/td><\/tr><tr><td class=\"has-text-align-center\" data-align=\"center\"><a href=\"https:\/\/isfdyt48-bue.infd.edu.ar\/sitio\/ep\/\" target=\"_blank\" rel=\"noreferrer noopener\">Profesorado de Educaci\u00f3n Primaria<\/a><\/td><td class=\"has-text-align-center\" data-align=\"center\">Sof\u00eda TROBBIANI<\/td><td class=\"has-text-align-center\" data-align=\"center\">Jos\u00e9 EBERLE<\/td><td class=\"has-text-align-center\" data-align=\"center\"><a href=\"mailto:primariainsti48@gmail.com\">primariainsti48@gmail.com<\/a><\/td><\/tr><tr><td class=\"has-text-align-center\" data-align=\"center\"><a href=\"https:\/\/isfdyt48-bue.infd.edu.ar\/sitio\/profesorado-de-biologia\/\" target=\"_blank\" rel=\"noreferrer noopener\">Profesorado de Biolog\u00eda<\/a><\/td><td class=\"has-text-align-center\" data-align=\"center\">Ver\u00f3nica MAYOR<\/td><td class=\"has-text-align-center\" data-align=\"center\">Diego FERNANDEZ<\/td><td class=\"has-text-align-center\" data-align=\"center\"><a href=\"mailto:biologiainsti48@gmail.com\">biologiainsti48@gmail.com<\/a><\/td><\/tr><tr><td class=\"has-text-align-center\" data-align=\"center\"><a href=\"https:\/\/isfdyt48-bue.infd.edu.ar\/sitio\/profesorado-de-educacion-secundaria-en-fisica\/\" target=\"_blank\" rel=\"noreferrer noopener\">Profesorado de F\u00edsica<\/a><\/td><td class=\"has-text-align-center\" data-align=\"center\">Ver\u00f3nica MAYOR<\/td><td class=\"has-text-align-center\" data-align=\"center\">Diego FERNANDEZ<\/td><td class=\"has-text-align-center\" data-align=\"center\"><a href=\"mailto:biologiainsti48@gmail.com\">biologiainsti48@gmail.com<\/a><\/td><\/tr><tr><td class=\"has-text-align-center\" data-align=\"center\"><a href=\"https:\/\/isfdyt48-bue.infd.edu.ar\/sitio\/profesorado-en-lengua-y-literatura\/\" target=\"_blank\" rel=\"noreferrer noopener\">Profesorado de Lengua y Literatura<\/a><\/td><td class=\"has-text-align-center\" data-align=\"center\">Daniel GO\u00d1I<\/td><td class=\"has-text-align-center\" data-align=\"center\">Sara GALLARDO<\/td><td class=\"has-text-align-center\" data-align=\"center\"><a href=\"mailto:literaturaisfdyt48@gmail.com\">literaturaisfdyt48@gmail.com<\/a><\/td><\/tr><tr><td class=\"has-text-align-center\" data-align=\"center\"><a href=\"https:\/\/isfdyt48-bue.infd.edu.ar\/sitio\/tecnicatura-en-multimedial\/\" target=\"_blank\" rel=\"noreferrer noopener\">Tecnicatura Superior en Comunicaci\u00f3n Multimedial<\/a><\/td><td class=\"has-text-align-center\" data-align=\"center\">Sof\u00eda OCHOTECO<\/td><td class=\"has-text-align-center\" data-align=\"center\">Luis DEVVIAGE<\/td><td class=\"has-text-align-center\" data-align=\"center\"><a href=\"mailto:instimedial@gmail.com\">instimedial@gmail.com<\/a><\/td><\/tr><tr><td class=\"has-text-align-center\" data-align=\"center\"><a href=\"https:\/\/isfdyt48-bue.infd.edu.ar\/sitio\/tecnicatura-en-administracion-contable\/\" target=\"_blank\" rel=\"noreferrer noopener\">Tecnicatura Superior en Administraci\u00f3n Contable<\/a><\/td><td class=\"has-text-align-center\" data-align=\"center\">Gustavo ZALACAIN<\/td><td class=\"has-text-align-center\" data-align=\"center\">Stella LARRIERA<\/td><td class=\"has-text-align-center\" data-align=\"center\"><a href=\"mailto:contableinst48@gmail.com\">contableinst48@gmail.com<\/a><\/td><\/tr><tr><td class=\"has-text-align-center\" data-align=\"center\"><a href=\"https:\/\/isfdyt48-bue.infd.edu.ar\/sitio\/tecnicatura-en-trabajo-social\/\" target=\"_blank\" rel=\"noreferrer noopener\">Tecnicatura Superior en Trabajo Social<\/a><\/td><td class=\"has-text-align-center\" data-align=\"center\">Clarisa BURGARDT<\/td><td class=\"has-text-align-center\" data-align=\"center\">Alejandra CORONEL<\/td><td class=\"has-text-align-center\" data-align=\"center\"><a href=\"mailto:trabajosocialisfdyt48@gmail.com\">trabajosocialisfdyt@gmail.com<\/a><\/td><\/tr><tr><td class=\"has-text-align-center\" data-align=\"center\"><a href=\"https:\/\/isfdyt48-bue.infd.edu.ar\/sitio\/tecnicatura-superior-en-enfermeria\/\" target=\"_blank\" rel=\"noreferrer noopener\">Tecnicatura Superior en Enfermer\u00eda<\/a><\/td><td class=\"has-text-align-center\" data-align=\"center\">Mauricio BLANCO<\/td><td class=\"has-text-align-center\" data-align=\"center\">Mariela GARDINER<\/td><td class=\"has-text-align-center\" data-align=\"center\"><a href=\"mailto:enfermeriaisfdyt48@gmail.com\">enfermeriaisfdyt48@gmail.com<\/a><\/td><\/tr><tr><td class=\"has-text-align-center\" data-align=\"center\"><a href=\"https:\/\/isfdyt48-bue.infd.edu.ar\/sitio\/tecnicatura-superior-en-servicios-gastronomicos\/\" target=\"_blank\" rel=\"noreferrer noopener\">Tecnicatura Superior en Servicios Gastron\u00f3micos<\/a><\/td><td class=\"has-text-align-center\" data-align=\"center\">Sandra ACEBAL<\/td><td class=\"has-text-align-center\" data-align=\"center\">Africa ULLMANN<\/td><td class=\"has-text-align-center\" data-align=\"center\"><a href=\"mailto:gastronomiainstituto48@gmail.com\" target=\"_blank\" rel=\"noreferrer noopener\">gastronomiainstituto48@gmail.com<\/a><\/td><\/tr><\/tbody><\/table><\/figure>\n\n\n\n<p class=\"has-text-align-center\" style=\"font-size:28px\"><strong>Preceptor\u00eda<\/strong> <a href=\"mailto:preceptoriadel48@gmail.com\" target=\"_blank\" rel=\"noreferrer noopener\">preceptoriadel48@gmail.com<\/a><\/p>\n","protected":false},"excerpt":{"rendered":"<p>Carrera Jefe de \u00c1rea Preceptor\/a Contacto Profesorado de Educaci\u00f3n F\u00edsica Diego ENECOIZ Silvia BELLISOMI educacionfisicaisfdyt48@gmail.com Profesorado de Ingles Sofia TROBBIANI Africa ULLMANN inglesisfdyt48@gmail.com Profesorado de Educaci\u00f3n Primaria Sof\u00eda TROBBIANI Jos\u00e9 EBERLE primariainsti48@gmail.com Profesorado de Biolog\u00eda Ver\u00f3nica MAYOR Diego FERNANDEZ biologiainsti48@gmail.com Profesorado de F\u00edsica Ver\u00f3nica MAYOR Diego FERNANDEZ biologiainsti48@gmail.com Profesorado de Lengua y Literatura Daniel GO\u00d1I &#8230; <a title=\"CARRERAS_1\" class=\"read-more\" href=\"https:\/\/isfdyt48-bue.infd.edu.ar\/sitio\/carreras_1\/\" aria-label=\"More on CARRERAS_1\">[+]<\/a><\/p>\n","protected":false},"author":135,"featured_media":0,"parent":0,"menu_order":0,"comment_status":"closed","ping_status":"closed","template":"","meta":[],"acf":[],"_links":{"self":[{"href":"https:\/\/isfdyt48-bue.infd.edu.ar\/sitio\/wp-json\/wp\/v2\/pages\/4238"}],"collection":[{"href":"https:\/\/isfdyt48-bue.infd.edu.ar\/sitio\/wp-json\/wp\/v2\/pages"}],"about":[{"href":"https:\/\/isfdyt48-bue.infd.edu.ar\/sitio\/wp-json\/wp\/v2\/types\/page"}],"author":[{"embeddable":true,"href":"https:\/\/isfdyt48-bue.infd.edu.ar\/sitio\/wp-json\/wp\/v2\/users\/135"}],"replies":[{"embeddable":true,"href":"https:\/\/isfdyt48-bue.infd.edu.ar\/sitio\/wp-json\/wp\/v2\/comments?post=4238"}],"version-history":[{"count":18,"href":"https:\/\/isfdyt48-bue.infd.edu.ar\/sitio\/wp-json\/wp\/v2\/pages\/4238\/revisions"}],"predecessor-version":[{"id":5663,"href":"https:\/\/isfdyt48-bue.infd.edu.ar\/sitio\/wp-json\/wp\/v2\/pages\/4238\/revisions\/5663"}],"wp:attachment":[{"href":"https:\/\/isfdyt48-bue.infd.edu.ar\/sitio\/wp-json\/wp\/v2\/media?parent=4238"}],"curies":[{"name":"wp","href":"https:\/\/api.w.org\/{rel}","templated":true}]}}