{"id":4266,"date":"2021-09-03T08:58:46","date_gmt":"2021-09-03T11:58:46","guid":{"rendered":"https:\/\/isfdyt48-bue.infd.edu.ar\/sitio\/?page_id=4266"},"modified":"2025-12-29T08:44:12","modified_gmt":"2025-12-29T11:44:12","slug":"inscripcion-a-carreras","status":"publish","type":"page","link":"https:\/\/isfdyt48-bue.infd.edu.ar\/sitio\/inscripcion-a-carreras\/","title":{"rendered":"OFERTA ACADEMICA 2026"},"content":{"rendered":"\n<p>Se encuentra abierta la&nbsp; inscripci\u00f3n de <strong>aspirantes a ingresar<\/strong> como estudiantes en el ciclo lectivo <strong>2026<\/strong>, <strong>una vez realizada la pre-inscripci\u00f3n<\/strong>, <strong>deber\u00e1n presentar la documentaci\u00f3n en nuestra Sede<\/strong>.-<\/p>\n\n\n\n<p>Para realizar la Inscripci\u00f3n click <a rel=\"noreferrer noopener\" href=\"https:\/\/preinscripciones.guarani.abc.gob.ar\/\" target=\"_blank\">aqu\u00ed<\/a><\/p>\n\n\n\n<p style=\"font-size:16px\">Ficha m\u00e9dica para aspirantes a ingresar al <strong>Profesorado de Educaci\u00f3n F\u00edsica<\/strong> <strong><a rel=\"noreferrer noopener\" href=\"https:\/\/isfdyt48-bue.infd.edu.ar\/sitio\/wp-content\/uploads\/sitio\/A2Ficha_medica_E.Fisica.pdf\" target=\"_blank\">AQU\u00cd<\/a><\/strong><\/p>\n\n\n\n<p>Para aspirantes a la <strong>Tecnicatura Sup. en Enfermer\u00eda<\/strong> en la misma<strong> Planilla de Inscripci\u00f3n<\/strong> figuran los&nbsp;datos necesarios.<\/p>\n\n\n\n<p>Presentar en soporte papel en nuestra Sede de &nbsp;Alfonsina Storni y Uriburu ,de 7:30 a 22:30 hs..<\/p>\n\n\n<div id=\"metaslider-id-4664\" style=\"max-width: 500px; margin: 0 auto;\" class=\"ml-slider-3-33-0 metaslider metaslider-flex metaslider-4664 ml-slider ms-theme-default\" role=\"region\" aria-roledescription=\"Slideshow\" aria-label=\"Slideshow\">\n    <div id=\"metaslider_container_4664\">\n        <div id=\"metaslider_4664\" class=\"flexslider\">\n            <ul aria-live=\"polite\" class=\"slides\">\n                <li style=\"display: block; width: 100%;\" class=\"slide-5586 ms-image\" aria-roledescription=\"slide\" aria-label=\"slide-5586\"><a href=\"https:\/\/isfdyt48-bue.infd.edu.ar\/sitio\/tecnicatura-en-administracion-contable\/\" target=\"_blank\"><img width=\"1080\" height=\"1080\" src=\"https:\/\/isfdyt48-bue.infd.edu.ar\/sitio\/wp-content\/uploads\/2025\/10\/Contable-2026.jpg\" class=\"slider-4664 slide-5586\" alt=\"\" decoding=\"async\" loading=\"lazy\" rel=\"\" title=\"Contable 2026\" srcset=\"https:\/\/isfdyt48-bue.infd.edu.ar\/sitio\/wp-content\/uploads\/2025\/10\/Contable-2026.jpg 1080w, https:\/\/isfdyt48-bue.infd.edu.ar\/sitio\/wp-content\/uploads\/2025\/10\/Contable-2026-1000x1000.jpg 1000w, https:\/\/isfdyt48-bue.infd.edu.ar\/sitio\/wp-content\/uploads\/2025\/10\/Contable-2026-500x500.jpg 500w, https:\/\/isfdyt48-bue.infd.edu.ar\/sitio\/wp-content\/uploads\/2025\/10\/Contable-2026-768x768.jpg 768w\" sizes=\"(max-width: 1080px) 100vw, 1080px\" \/><\/a><\/li>\n                <li style=\"display: none; width: 100%;\" class=\"slide-5582 ms-image\" aria-roledescription=\"slide\" aria-label=\"slide-5582\"><a href=\"https:\/\/isfdyt48-bue.infd.edu.ar\/sitio\/tecnicatura-superior-en-servicios-gastronomicos\/\" target=\"_blank\"><img width=\"1080\" height=\"1080\" src=\"https:\/\/isfdyt48-bue.infd.edu.ar\/sitio\/wp-content\/uploads\/2025\/10\/Gastronomico-2026.jpg\" class=\"slider-4664 slide-5582\" alt=\"\" decoding=\"async\" loading=\"lazy\" rel=\"\" title=\"Gastronomico 2026\" srcset=\"https:\/\/isfdyt48-bue.infd.edu.ar\/sitio\/wp-content\/uploads\/2025\/10\/Gastronomico-2026.jpg 1080w, https:\/\/isfdyt48-bue.infd.edu.ar\/sitio\/wp-content\/uploads\/2025\/10\/Gastronomico-2026-1000x1000.jpg 1000w, https:\/\/isfdyt48-bue.infd.edu.ar\/sitio\/wp-content\/uploads\/2025\/10\/Gastronomico-2026-500x500.jpg 500w, https:\/\/isfdyt48-bue.infd.edu.ar\/sitio\/wp-content\/uploads\/2025\/10\/Gastronomico-2026-768x768.jpg 768w\" sizes=\"(max-width: 1080px) 100vw, 1080px\" \/><\/a><\/li>\n                <li style=\"display: none; width: 100%;\" class=\"slide-5583 ms-image\" aria-roledescription=\"slide\" aria-label=\"slide-5583\"><a href=\"https:\/\/isfdyt48-bue.infd.edu.ar\/sitio\/profesorado-en-ingles\/\" target=\"_blank\"><img width=\"1080\" height=\"1080\" src=\"https:\/\/isfdyt48-bue.infd.edu.ar\/sitio\/wp-content\/uploads\/2025\/10\/Ingles-en-Pigue.jpg\" class=\"slider-4664 slide-5583\" alt=\"\" decoding=\"async\" loading=\"lazy\" rel=\"\" title=\"Ingles en Pig\u00fce\" srcset=\"https:\/\/isfdyt48-bue.infd.edu.ar\/sitio\/wp-content\/uploads\/2025\/10\/Ingles-en-Pigue.jpg 1080w, https:\/\/isfdyt48-bue.infd.edu.ar\/sitio\/wp-content\/uploads\/2025\/10\/Ingles-en-Pigue-1000x1000.jpg 1000w, https:\/\/isfdyt48-bue.infd.edu.ar\/sitio\/wp-content\/uploads\/2025\/10\/Ingles-en-Pigue-500x500.jpg 500w, https:\/\/isfdyt48-bue.infd.edu.ar\/sitio\/wp-content\/uploads\/2025\/10\/Ingles-en-Pigue-768x768.jpg 768w\" sizes=\"(max-width: 1080px) 100vw, 1080px\" \/><\/a><\/li>\n                <li style=\"display: none; width: 100%;\" class=\"slide-5585 ms-image\" aria-roledescription=\"slide\" aria-label=\"slide-5585\"><a href=\"https:\/\/isfdyt48-bue.infd.edu.ar\/sitio\/educacion-fisica\/\" target=\"_blank\"><img width=\"1080\" height=\"1080\" src=\"https:\/\/isfdyt48-bue.infd.edu.ar\/sitio\/wp-content\/uploads\/2025\/10\/Educacion-Fisica-2026.jpg\" class=\"slider-4664 slide-5585\" alt=\"\" decoding=\"async\" loading=\"lazy\" rel=\"\" title=\"Educacion Fisica 2026\" srcset=\"https:\/\/isfdyt48-bue.infd.edu.ar\/sitio\/wp-content\/uploads\/2025\/10\/Educacion-Fisica-2026.jpg 1080w, https:\/\/isfdyt48-bue.infd.edu.ar\/sitio\/wp-content\/uploads\/2025\/10\/Educacion-Fisica-2026-1000x1000.jpg 1000w, https:\/\/isfdyt48-bue.infd.edu.ar\/sitio\/wp-content\/uploads\/2025\/10\/Educacion-Fisica-2026-500x500.jpg 500w, https:\/\/isfdyt48-bue.infd.edu.ar\/sitio\/wp-content\/uploads\/2025\/10\/Educacion-Fisica-2026-768x768.jpg 768w\" sizes=\"(max-width: 1080px) 100vw, 1080px\" \/><\/a><\/li>\n                <li style=\"display: none; width: 100%;\" class=\"slide-5581 ms-image\" aria-roledescription=\"slide\" aria-label=\"slide-5581\"><a href=\"https:\/\/isfdyt48-bue.infd.edu.ar\/sitio\/tecnicatura-en-multimedial\/\" target=\"_blank\"><img width=\"1080\" height=\"1080\" src=\"https:\/\/isfdyt48-bue.infd.edu.ar\/sitio\/wp-content\/uploads\/2025\/10\/Multimedial-2026.jpg\" class=\"slider-4664 slide-5581\" alt=\"\" decoding=\"async\" loading=\"lazy\" rel=\"\" title=\"Multimedial 2026\" srcset=\"https:\/\/isfdyt48-bue.infd.edu.ar\/sitio\/wp-content\/uploads\/2025\/10\/Multimedial-2026.jpg 1080w, https:\/\/isfdyt48-bue.infd.edu.ar\/sitio\/wp-content\/uploads\/2025\/10\/Multimedial-2026-1000x1000.jpg 1000w, https:\/\/isfdyt48-bue.infd.edu.ar\/sitio\/wp-content\/uploads\/2025\/10\/Multimedial-2026-500x500.jpg 500w, https:\/\/isfdyt48-bue.infd.edu.ar\/sitio\/wp-content\/uploads\/2025\/10\/Multimedial-2026-768x768.jpg 768w\" sizes=\"(max-width: 1080px) 100vw, 1080px\" \/><\/a><\/li>\n                <li style=\"display: none; width: 100%;\" class=\"slide-5584 ms-image\" aria-roledescription=\"slide\" aria-label=\"slide-5584\"><a href=\"https:\/\/isfdyt48-bue.infd.edu.ar\/sitio\/tecnicatura-superior-en-enfermeria\/\" target=\"_blank\"><img width=\"1080\" height=\"1080\" src=\"https:\/\/isfdyt48-bue.infd.edu.ar\/sitio\/wp-content\/uploads\/2025\/10\/Enfermeria-2026.jpg\" class=\"slider-4664 slide-5584\" alt=\"\" decoding=\"async\" loading=\"lazy\" rel=\"\" title=\"Enfermeria 2026\" srcset=\"https:\/\/isfdyt48-bue.infd.edu.ar\/sitio\/wp-content\/uploads\/2025\/10\/Enfermeria-2026.jpg 1080w, https:\/\/isfdyt48-bue.infd.edu.ar\/sitio\/wp-content\/uploads\/2025\/10\/Enfermeria-2026-1000x1000.jpg 1000w, https:\/\/isfdyt48-bue.infd.edu.ar\/sitio\/wp-content\/uploads\/2025\/10\/Enfermeria-2026-500x500.jpg 500w, https:\/\/isfdyt48-bue.infd.edu.ar\/sitio\/wp-content\/uploads\/2025\/10\/Enfermeria-2026-768x768.jpg 768w\" sizes=\"(max-width: 1080px) 100vw, 1080px\" \/><\/a><\/li>\n                <li style=\"display: none; width: 100%;\" class=\"slide-5587 ms-image\" aria-roledescription=\"slide\" aria-label=\"slide-5587\"><a href=\"https:\/\/isfdyt48-bue.infd.edu.ar\/sitio\/profesorado-en-biologia-plan-nuevo\/\" target=\"_blank\"><img width=\"1080\" height=\"1080\" src=\"https:\/\/isfdyt48-bue.infd.edu.ar\/sitio\/wp-content\/uploads\/2025\/10\/Biologia-2026.jpg\" class=\"slider-4664 slide-5587\" alt=\"\" decoding=\"async\" loading=\"lazy\" rel=\"\" title=\"Biologia 2026\" srcset=\"https:\/\/isfdyt48-bue.infd.edu.ar\/sitio\/wp-content\/uploads\/2025\/10\/Biologia-2026.jpg 1080w, https:\/\/isfdyt48-bue.infd.edu.ar\/sitio\/wp-content\/uploads\/2025\/10\/Biologia-2026-1000x1000.jpg 1000w, https:\/\/isfdyt48-bue.infd.edu.ar\/sitio\/wp-content\/uploads\/2025\/10\/Biologia-2026-500x500.jpg 500w, https:\/\/isfdyt48-bue.infd.edu.ar\/sitio\/wp-content\/uploads\/2025\/10\/Biologia-2026-768x768.jpg 768w\" sizes=\"(max-width: 1080px) 100vw, 1080px\" \/><\/a><\/li>\n                <li style=\"display: none; width: 100%;\" class=\"slide-5579 ms-image\" aria-roledescription=\"slide\" aria-label=\"slide-5579\"><a href=\"https:\/\/isfdyt48-bue.infd.edu.ar\/sitio\/tecnicatura-en-trabajo-social\/\" target=\"_blank\"><img width=\"1080\" height=\"1080\" src=\"https:\/\/isfdyt48-bue.infd.edu.ar\/sitio\/wp-content\/uploads\/2025\/10\/Trabajo-Social-2026.jpg\" class=\"slider-4664 slide-5579\" alt=\"\" decoding=\"async\" loading=\"lazy\" rel=\"\" title=\"Trabajo Social 2026\" srcset=\"https:\/\/isfdyt48-bue.infd.edu.ar\/sitio\/wp-content\/uploads\/2025\/10\/Trabajo-Social-2026.jpg 1080w, https:\/\/isfdyt48-bue.infd.edu.ar\/sitio\/wp-content\/uploads\/2025\/10\/Trabajo-Social-2026-1000x1000.jpg 1000w, https:\/\/isfdyt48-bue.infd.edu.ar\/sitio\/wp-content\/uploads\/2025\/10\/Trabajo-Social-2026-500x500.jpg 500w, https:\/\/isfdyt48-bue.infd.edu.ar\/sitio\/wp-content\/uploads\/2025\/10\/Trabajo-Social-2026-768x768.jpg 768w\" sizes=\"(max-width: 1080px) 100vw, 1080px\" \/><\/a><\/li>\n                <li style=\"display: none; width: 100%;\" class=\"slide-5580 ms-image\" aria-roledescription=\"slide\" aria-label=\"slide-5580\"><a href=\"https:\/\/isfdyt48-bue.infd.edu.ar\/sitio\/ep\/\" target=\"_blank\"><img width=\"1080\" height=\"1080\" src=\"https:\/\/isfdyt48-bue.infd.edu.ar\/sitio\/wp-content\/uploads\/2025\/10\/Primaria-2026.jpg\" class=\"slider-4664 slide-5580\" alt=\"\" decoding=\"async\" loading=\"lazy\" rel=\"\" title=\"Primaria 2026\" srcset=\"https:\/\/isfdyt48-bue.infd.edu.ar\/sitio\/wp-content\/uploads\/2025\/10\/Primaria-2026.jpg 1080w, https:\/\/isfdyt48-bue.infd.edu.ar\/sitio\/wp-content\/uploads\/2025\/10\/Primaria-2026-1000x1000.jpg 1000w, https:\/\/isfdyt48-bue.infd.edu.ar\/sitio\/wp-content\/uploads\/2025\/10\/Primaria-2026-500x500.jpg 500w, https:\/\/isfdyt48-bue.infd.edu.ar\/sitio\/wp-content\/uploads\/2025\/10\/Primaria-2026-768x768.jpg 768w\" sizes=\"(max-width: 1080px) 100vw, 1080px\" \/><\/a><\/li>\n            <\/ul>\n        <\/div>\n        \n    <\/div>\n<\/div>\n","protected":false},"excerpt":{"rendered":"<p>Se encuentra abierta la&nbsp; inscripci\u00f3n de aspirantes a ingresar como estudiantes en el ciclo lectivo 2026, una vez realizada la pre-inscripci\u00f3n, deber\u00e1n presentar la documentaci\u00f3n en nuestra Sede.- Para realizar la Inscripci\u00f3n click aqu\u00ed Ficha m\u00e9dica para aspirantes a ingresar al Profesorado de Educaci\u00f3n F\u00edsica AQU\u00cd Para aspirantes a la Tecnicatura Sup. en Enfermer\u00eda en &#8230; <a title=\"OFERTA ACADEMICA 2026\" class=\"read-more\" href=\"https:\/\/isfdyt48-bue.infd.edu.ar\/sitio\/inscripcion-a-carreras\/\" aria-label=\"More on OFERTA ACADEMICA 2026\">[+]<\/a><\/p>\n","protected":false},"author":135,"featured_media":0,"parent":0,"menu_order":0,"comment_status":"closed","ping_status":"closed","template":"","meta":[],"acf":[],"_links":{"self":[{"href":"https:\/\/isfdyt48-bue.infd.edu.ar\/sitio\/wp-json\/wp\/v2\/pages\/4266"}],"collection":[{"href":"https:\/\/isfdyt48-bue.infd.edu.ar\/sitio\/wp-json\/wp\/v2\/pages"}],"about":[{"href":"https:\/\/isfdyt48-bue.infd.edu.ar\/sitio\/wp-json\/wp\/v2\/types\/page"}],"author":[{"embeddable":true,"href":"https:\/\/isfdyt48-bue.infd.edu.ar\/sitio\/wp-json\/wp\/v2\/users\/135"}],"replies":[{"embeddable":true,"href":"https:\/\/isfdyt48-bue.infd.edu.ar\/sitio\/wp-json\/wp\/v2\/comments?post=4266"}],"version-history":[{"count":29,"href":"https:\/\/isfdyt48-bue.infd.edu.ar\/sitio\/wp-json\/wp\/v2\/pages\/4266\/revisions"}],"predecessor-version":[{"id":5644,"href":"https:\/\/isfdyt48-bue.infd.edu.ar\/sitio\/wp-json\/wp\/v2\/pages\/4266\/revisions\/5644"}],"wp:attachment":[{"href":"https:\/\/isfdyt48-bue.infd.edu.ar\/sitio\/wp-json\/wp\/v2\/media?parent=4266"}],"curies":[{"name":"wp","href":"https:\/\/api.w.org\/{rel}","templated":true}]}}