{"id":4469,"date":"2021-09-27T09:45:45","date_gmt":"2021-09-27T12:45:45","guid":{"rendered":"https:\/\/isfdyt48-bue.infd.edu.ar\/sitio\/?page_id=4469"},"modified":"2025-12-05T09:07:57","modified_gmt":"2025-12-05T12:07:57","slug":"proyecto-politico-pedagogico-institucional","status":"publish","type":"page","link":"https:\/\/isfdyt48-bue.infd.edu.ar\/sitio\/proyecto-politico-pedagogico-institucional\/","title":{"rendered":"Proyecto Pol\u00edtico Pedag\u00f3gico Institucional"},"content":{"rendered":"\n<p class=\"has-normal-font-size\">El Proyecto Pol\u00edtico Pedag\u00f3gico Institucional sintetiza las intencionalidades educativas y acad\u00e9micas consensuadas por la comunidad educativa del Instituto Superior N\u00b0 48 relativas a los horizontes hacia los cuales el instituto se proyecta en t\u00e9rminos de formaci\u00f3n de sus egresados\/as as\u00ed como relativos a su rol en el desarrollo productivo, social y cultural de la regi\u00f3n.&nbsp; Se presenta el proyecto general as\u00ed como dimensiones de dicho proyecto que requieren desarrollos particulares.<\/p>\n\n\n\n<ul>\n<li><a rel=\"noreferrer noopener\" href=\"https:\/\/isfdyt48-bue.infd.edu.ar\/sitio\/wp-content\/uploads\/2021\/09\/Proyecto-Politico-Pedagogico-Institucional_.pdf\" target=\"_blank\">Proyecto Pol\u00edtico Pedag\u00f3gico Institucional<\/a>\n\n\n<ul>\n<li>R\u00e9gimen Acad\u00e9mico Institucional<\/li>\n\n\n\n<li><a rel=\"noreferrer noopener\" href=\"https:\/\/isfdyt48-bue.infd.edu.ar\/sitio\/wp-content\/uploads\/2024\/11\/Resolucion-4196-2024.pdf\" target=\"_blank\">R\u00e9gimen Acad\u00e9mico Marco<\/a><\/li>\n\n\n\n<li><a href=\"https:\/\/isfdyt48-bue.infd.edu.ar\/sitio\/wp-content\/uploads\/2024\/06\/ROI-ISFDYT-48.pdf\">R\u00e9gimen Org\u00e1nico Institucional<\/a><\/li>\n\n\n\n<li><a rel=\"noreferrer noopener\" href=\"https:\/\/isfdyt48-bue.infd.edu.ar\/sitio\/wp-content\/uploads\/2021\/09\/ROM-documento-base-pcial.pdf\" target=\"_blank\">R\u00e9gimen Org\u00e1nico Marco<\/a><\/li>\n\n\n\n<li><a rel=\"noreferrer noopener\" href=\"https:\/\/isfdyt48-bue.infd.edu.ar\/sitio\/wp-content\/uploads\/2022\/04\/Sistema-de-Creditos_2022.pdf\" target=\"_blank\">Sistema de Cr\u00e9ditos<\/a><\/li>\n\n\n\n<li><a rel=\"noreferrer noopener\" href=\"https:\/\/isfdyt48-bue.infd.edu.ar\/sitio\/wp-content\/uploads\/2021\/12\/AIC-ISFDYT-48.pdf\" target=\"_blank\">Acuerdo Institucional de Convivencia<\/a><\/li>\n\n\n\n<li><a rel=\"noreferrer noopener\" href=\"https:\/\/isfdyt48-bue.infd.edu.ar\/sitio\/wp-content\/uploads\/2021\/09\/PROYECTO_DE_PRACTICAS_DOCENTES_ISFDYT_48.pdf\" target=\"_blank\">Proyecto de Pr\u00e1cticas Docentes<\/a><\/li>\n\n\n\n<li><a rel=\"noreferrer noopener\" href=\"https:\/\/isfdyt48-bue.infd.edu.ar\/sitio\/wp-content\/uploads\/2021\/09\/Proyecto-general-practicas-tecnicas-ISFDYT48.pdf\" target=\"_blank\">Proyecto de Pr\u00e1cticas T\u00e9cnicas<\/a><\/li>\n<\/ul>\n\n\n\n<ul>\n<li><a href=\"https:\/\/isfdyt48-bue.infd.edu.ar\/sitio\/wp-content\/uploads\/2022\/11\/Propuestas-EDI-y-TFO-Completas-2022_112022.pdf\" target=\"_blank\" rel=\"noreferrer noopener\">Propuestas EDI y TFO<\/a><\/li>\n\n\n\n<li><a rel=\"noreferrer noopener\" href=\"https:\/\/isfdyt48-bue.infd.edu.ar\/sitio\/wp-content\/uploads\/2023\/05\/condiciones-acadmicas-institutos-superiores-de-formacin-docente-y-tcnica-y-artstica-67249.pdf\" target=\"_blank\">Pr\u00e1cticas en Servicio<\/a><\/li>\n<\/ul>\n<\/li>\n<\/ul>\n","protected":false},"excerpt":{"rendered":"<p>El Proyecto Pol\u00edtico Pedag\u00f3gico Institucional sintetiza las intencionalidades educativas y acad\u00e9micas consensuadas por la comunidad educativa del Instituto Superior N\u00b0 48 relativas a los horizontes hacia los cuales el instituto se proyecta en t\u00e9rminos de formaci\u00f3n de sus egresados\/as as\u00ed como relativos a su rol en el desarrollo productivo, social y cultural de la regi\u00f3n.&nbsp; &#8230; <a title=\"Proyecto Pol\u00edtico Pedag\u00f3gico Institucional\" class=\"read-more\" href=\"https:\/\/isfdyt48-bue.infd.edu.ar\/sitio\/proyecto-politico-pedagogico-institucional\/\" aria-label=\"More on Proyecto Pol\u00edtico Pedag\u00f3gico Institucional\">[+]<\/a><\/p>\n","protected":false},"author":135,"featured_media":0,"parent":0,"menu_order":0,"comment_status":"closed","ping_status":"closed","template":"","meta":[],"acf":[],"_links":{"self":[{"href":"https:\/\/isfdyt48-bue.infd.edu.ar\/sitio\/wp-json\/wp\/v2\/pages\/4469"}],"collection":[{"href":"https:\/\/isfdyt48-bue.infd.edu.ar\/sitio\/wp-json\/wp\/v2\/pages"}],"about":[{"href":"https:\/\/isfdyt48-bue.infd.edu.ar\/sitio\/wp-json\/wp\/v2\/types\/page"}],"author":[{"embeddable":true,"href":"https:\/\/isfdyt48-bue.infd.edu.ar\/sitio\/wp-json\/wp\/v2\/users\/135"}],"replies":[{"embeddable":true,"href":"https:\/\/isfdyt48-bue.infd.edu.ar\/sitio\/wp-json\/wp\/v2\/comments?post=4469"}],"version-history":[{"count":24,"href":"https:\/\/isfdyt48-bue.infd.edu.ar\/sitio\/wp-json\/wp\/v2\/pages\/4469\/revisions"}],"predecessor-version":[{"id":5627,"href":"https:\/\/isfdyt48-bue.infd.edu.ar\/sitio\/wp-json\/wp\/v2\/pages\/4469\/revisions\/5627"}],"wp:attachment":[{"href":"https:\/\/isfdyt48-bue.infd.edu.ar\/sitio\/wp-json\/wp\/v2\/media?parent=4469"}],"curies":[{"name":"wp","href":"https:\/\/api.w.org\/{rel}","templated":true}]}}