{"id":4516,"date":"2021-09-29T08:29:17","date_gmt":"2021-09-29T11:29:17","guid":{"rendered":"https:\/\/isfdyt48-bue.infd.edu.ar\/sitio\/?page_id=4516"},"modified":"2024-04-29T07:44:12","modified_gmt":"2024-04-29T10:44:12","slug":"auxiliares","status":"publish","type":"page","link":"https:\/\/isfdyt48-bue.infd.edu.ar\/sitio\/auxiliares\/","title":{"rendered":"AUXILIARES"},"content":{"rendered":"\n<h6 class=\"wp-block-heading\">Nuestro Equipo de Auxiliares<\/h6>\n\n\n\n<p>ALARCIA, Yanina<\/p>\n\n\n\n<p>BARRENECHE, Mar\u00eda del Carmen<\/p>\n\n\n\n<p>BARRENECHE, Sof\u00eda<\/p>\n\n\n\n<p>BALVIDARES, Norma<\/p>\n\n\n\n<p>DELGADO, Mariel<\/p>\n\n\n\n<p>GAFFARD, Graciela<\/p>\n\n\n\n<p>SCHMIDT, Ver\u00f3nica<\/p>\n\n\n\n<p>VARGAS, Andrea<\/p>\n\n\n\n<p>ZAMBRANA, Carina<\/p>\n\n\n\n<p style=\"font-size:40px\"><\/p>\n\n\n\n<p>La Ley N\u00ba 10.430 es el marco general para los empleados de la Administraci\u00f3n P\u00fablica Provincial, la resoluci\u00f3n N\u00ba 3368\/88 y su modificatoria 5702\/02 reglamentan la designaci\u00f3n y funcionamiento de Porteros, Cocineros y Ayudantes de Cocina de establecimientos educacionales<\/p>\n\n\n\n<p><a href=\"https:\/\/isfdyt48-bue.infd.edu.ar\/sitio\/wp-content\/uploads\/2021\/09\/Ley-10430.pdf\" target=\"_blank\" rel=\"noreferrer noopener\">Ley 10430<\/a><\/p>\n\n\n\n<p><a rel=\"noreferrer noopener\" href=\"https:\/\/isfdyt48-bue.infd.edu.ar\/sitio\/wp-content\/uploads\/2021\/09\/res3363-88.pdf\" target=\"_blank\">Resoluci\u00f3n 3363\/88<\/a><\/p>\n\n\n\n<p><a href=\"https:\/\/isfdyt48-bue.infd.edu.ar\/sitio\/wp-content\/uploads\/2021\/09\/res5707-02.pdf\" target=\"_blank\" rel=\"noreferrer noopener\">Resoluci\u00f3n 5702\/02<\/a><\/p>\n\n\n\n<p style=\"font-size:30px\"><\/p>\n\n\n\n<p><a href=\"https:\/\/isfdyt48-bue.infd.edu.ar\/sitio\/wp-content\/uploads\/2021\/09\/Auxiliares-ART63.pdf\" target=\"_blank\" rel=\"noreferrer noopener\">Formulario Art 63<\/a><\/p>\n","protected":false},"excerpt":{"rendered":"<p>Nuestro Equipo de Auxiliares ALARCIA, Yanina BARRENECHE, Mar\u00eda del Carmen BARRENECHE, Sof\u00eda BALVIDARES, Norma DELGADO, Mariel GAFFARD, Graciela SCHMIDT, Ver\u00f3nica VARGAS, Andrea ZAMBRANA, Carina La Ley N\u00ba 10.430 es el marco general para los empleados de la Administraci\u00f3n P\u00fablica Provincial, la resoluci\u00f3n N\u00ba 3368\/88 y su modificatoria 5702\/02 reglamentan la designaci\u00f3n y funcionamiento de Porteros, &#8230; <a title=\"AUXILIARES\" class=\"read-more\" href=\"https:\/\/isfdyt48-bue.infd.edu.ar\/sitio\/auxiliares\/\" aria-label=\"More on AUXILIARES\">[+]<\/a><\/p>\n","protected":false},"author":135,"featured_media":0,"parent":0,"menu_order":0,"comment_status":"closed","ping_status":"closed","template":"","meta":[],"acf":[],"_links":{"self":[{"href":"https:\/\/isfdyt48-bue.infd.edu.ar\/sitio\/wp-json\/wp\/v2\/pages\/4516"}],"collection":[{"href":"https:\/\/isfdyt48-bue.infd.edu.ar\/sitio\/wp-json\/wp\/v2\/pages"}],"about":[{"href":"https:\/\/isfdyt48-bue.infd.edu.ar\/sitio\/wp-json\/wp\/v2\/types\/page"}],"author":[{"embeddable":true,"href":"https:\/\/isfdyt48-bue.infd.edu.ar\/sitio\/wp-json\/wp\/v2\/users\/135"}],"replies":[{"embeddable":true,"href":"https:\/\/isfdyt48-bue.infd.edu.ar\/sitio\/wp-json\/wp\/v2\/comments?post=4516"}],"version-history":[{"count":7,"href":"https:\/\/isfdyt48-bue.infd.edu.ar\/sitio\/wp-json\/wp\/v2\/pages\/4516\/revisions"}],"predecessor-version":[{"id":5351,"href":"https:\/\/isfdyt48-bue.infd.edu.ar\/sitio\/wp-json\/wp\/v2\/pages\/4516\/revisions\/5351"}],"wp:attachment":[{"href":"https:\/\/isfdyt48-bue.infd.edu.ar\/sitio\/wp-json\/wp\/v2\/media?parent=4516"}],"curies":[{"name":"wp","href":"https:\/\/api.w.org\/{rel}","templated":true}]}}